{"id":481,"date":"2023-12-12T08:44:58","date_gmt":"2023-12-12T08:44:58","guid":{"rendered":"https:\/\/smilepraxis.wpenginepowered.com\/?page_id=481"},"modified":"2024-09-05T08:47:40","modified_gmt":"2024-09-05T08:47:40","slug":"aligner-unsichtbare-zahnspange","status":"publish","type":"page","link":"https:\/\/smilepraxis.ch\/de\/behandlungen\/kieferorthopadie\/aligner-unsichtbare-zahnspange\/","title":{"rendered":"Aligner Unsichtbare- Zahnspange"},"content":{"rendered":"\n<section class=\"page-header bigger\" style=\"background-image: url('https:\/\/smilepraxis.ch\/wp-content\/uploads\/2023\/11\/thumb_width3200_woman-wearing-teal-off-shoulder-dress-1776862-scaled.jpg');\">\n    <div class=\"container\">\n        <h3 class=\"mt-0 mb-3\">F\u00dcR VERBESSERTE FUNKTION UND HERAUSRAGENDE \u00c4STHETIK<\/h3>        <h2 class=\"mt-0 mb-3\">Kieferorthop\u00e4die<\/h2>                            <a class=\"btn me-md-3 mb-3\" href=\"https:\/\/smilepraxis.ch\/de\/kontakt\/\" style=\"color: #333333; background-color: #FFECB4\">Jetzt Termin vereinbaren<\/a>                    \n                    <a class=\"btn me-md-3 mb-3\" href=\"https:\/\/smilepraxis.ch\/de\/onlinebuchung-chur\/\" style=\"color: #333333; background-color: #f2f2f3\">Onlinebuchung Chur<\/a>                    \n                    <a class=\"btn me-md-3 mb-3\" href=\"https:\/\/smilepraxis.ch\/de\/onlinebuchung-malans-landquart\/\" style=\"color: #333333; background-color: #f2f2f3\">Onlinebuchung Malans<\/a>                    \n                    <\/div>\n<\/div>\n\n\n<section class=\"block-content-image-block\">\n    <div class=\"container\">\n        <div class=\"row\">\n            <div class=\"col-md-6 col-12  order-md-2\">\n                <div class=\"col-content px-3\">\n                    <h3>Zahnkorrektur mit transparenten Schienen \u2013 die Alignertherapie<\/h3>\n                    <div class=\"content_leftbox-box\">\n<div class=\"boxinner left\">\n<div class=\"content\">\n<p class=\"ckeditor_p\">Viele (junge) Erwachsene st\u00f6ren sich an einer Zahnfehlstellung, lehnen aber eine feste Zahnspange aus Metall kategorisch ab. Mit Hilfe von wechselnden transparenten Kunststoffschienen, sogenannten Alignern, k\u00f6nnen Z\u00e4hne sanft und pr\u00e4zise bewegt werden. Die hauchd\u00fcnnen Schienen werden wie eine zweite Haut \u00fcber die eigenen Z\u00e4hne gelegt. Sie \u00fcben leichten Druck auf die Z\u00e4hne aus, der \u00fcber den gesamten Behandlungsablauf zum gew\u00fcnschten Ergebnis f\u00fchrt. Der Grossteil der erwachsenen Patienten entscheidet sich f\u00fcr diese moderne Form zur Korrektur von Zahnfehlstellungen. Die Behandlung ist effizient, fast nicht sichtbar und oftmals kosteng\u00fcnstiger als eine herk\u00f6mmliche Behandlung.<\/p>\n<\/div>\n<\/div>\n<\/div>\n                <\/div>\n            <\/div>\n            <div class=\"col-md-6 col-12 order-md-1\">\n                <img decoding=\"async\" src=\"https:\/\/smilepraxis.ch\/wp-content\/uploads\/2023\/11\/dreamstime_xl_128094896web.jpg\" width=\"100%\">\n            <\/div>\n        <\/div>\n    <\/div>\n<\/section>\n\n<section class=\"block-content-image-block\">\n    <div class=\"container\">\n        <div class=\"row\">\n            <div class=\"col-md-6 col-12  \">\n                <div class=\"col-content px-3\">\n                    <h3>Vorteile von durchsichtigen Alignern<\/h3>\n                    <div class=\"content_leftbox-box\">\n<div class=\"boxinner left\">\n<div class=\"content\">\n<ul>\n<li>\n<p class=\"ckeditor_p\">Komfortabel: Die Schienen nehmen Sie w\u00e4hrend der Mahlzeiten heraus. Handhabung und Tragegef\u00fchl sind angenehm.<\/p>\n<\/li>\n<li value=\"16\">\n<p class=\"ckeditor_p\">Dezent: Da die Schienen transparent und farblos sind, sind sie ideal f\u00fcr den Alltag. Ihre Mitmenschen bemerken sie kaum.<\/p>\n<\/li>\n<li value=\"16\">\n<p class=\"ckeditor_p\">Effektiv: Die Zahnb\u00f6gen werden meistens so effizient wie bei einer herk\u00f6mmlichen Zahnspange in Form gebracht.<\/p>\n<\/li>\n<li value=\"16\">\n<p class=\"ckeditor_p\">Biokompatibel: Die Schienen sind metallfrei, somit sind Allergien oder Unvertr\u00e4glichkeiten \u00e4usserst unwahrscheinlich.<\/p>\n<\/li>\n<li value=\"16\">\n<p class=\"ckeditor_p\">Oftmals kosteng\u00fcnstiger: Die Kosten sind h\u00e4ufig niedriger als bei einer herk\u00f6mmlichen festen Zahnspange.<\/p>\n<\/li>\n<\/ul>\n<p class=\"ckeditor_p\"><a href=\"https:\/\/smilepraxis.ch\/de\/behandlungen\/kieferorthopadie\/aligner-unsichtbare-zahnspange\/behandlung-aligner\">+\u00a0Behandlungsverlauf von Alignern<\/a><\/p>\n<p class=\"ckeditor_p\"><a href=\"https:\/\/smilepraxis.ch\/de\/behandlungen\/kieferorthopadie\/aligner-unsichtbare-zahnspange\/good-to-know\">+ Aligner Therapie &#8211; Gut zu wissen<\/a><\/p>\n<p class=\"ckeditor_p\"><a href=\"https:\/\/smilepraxis.ch\/de\/behandlungen\/kieferorthopadie\">Zur\u00fcck<\/a><\/p>\n<\/div>\n<\/div>\n<\/div>\n<div class=\"content_leftbox-box\">\n<div class=\"boxinner\"><\/div>\n<\/div>\n                <\/div>\n            <\/div>\n            <div class=\"col-md-6 col-12 \">\n                <img decoding=\"async\" src=\"https:\/\/smilepraxis.ch\/wp-content\/uploads\/2023\/11\/aktion-smilepraxis-silvangiger-1-1300x1300.jpg\" width=\"100%\">\n            <\/div>\n        <\/div>\n    <\/div>\n<\/section>\n\n<section id=\"block_95679aa0a032a1db9c911e17f67e273d\" class=\"block-news\">\n    <div class=\"container\">\n        <div class=\"row row-eq-height mt-4 position-relative\">\n                        <div class=\"col-md-4 col-12\">\n                <div class=\"news-container\">\n                    <div class=\"post-image\">\n                        <a href=\"https:\/\/smilepraxis.ch\/de\/ernaehrung-und-lifestyle-zahngesundheit\/\"><img loading=\"lazy\" decoding=\"async\" width=\"800\" height=\"800\" src=\"https:\/\/smilepraxis.ch\/wp-content\/uploads\/2026\/04\/6D9A7538-800x800.jpg\" class=\"attachment-square size-square wp-post-image\" alt=\"\" srcset=\"https:\/\/smilepraxis.ch\/wp-content\/uploads\/2026\/04\/6D9A7538-800x800.jpg 800w, https:\/\/smilepraxis.ch\/wp-content\/uploads\/2026\/04\/6D9A7538-150x150.jpg 150w, https:\/\/smilepraxis.ch\/wp-content\/uploads\/2026\/04\/6D9A7538-1300x1300.jpg 1300w, https:\/\/smilepraxis.ch\/wp-content\/uploads\/2026\/04\/6D9A7538-600x600.jpg 600w\" sizes=\"auto, (max-width: 800px) 100vw, 800px\" \/><\/a>\n                    <\/div>\n                    <div class=\"post-content\">\n                        <p class=\"post-meta\">April 14<\/p>\n                        <h3 class=\"title\"><a href=\"https:\/\/smilepraxis.ch\/de\/ernaehrung-und-lifestyle-zahngesundheit\/\">Ern\u00e4hrung, Lifestyle &amp; Mundgesundheit \u2013 Wie Ihr Alltag Ihr L\u00e4cheln beeinflusst<\/a><\/h3>\n                        <div class=\"excerpt\">\n                            <p><p>Genuss. Balance. Zahngesundheit. In der SmilePraxis betrachten wir Ihre Mundgesundheit ganzheitlich. Denn was Sie essen, trinken und wie Sie Ihren Alltag gestalten, hat direkten Einfluss auf Ihre Z\u00e4hne und Ihr Zahnfleisch. Mit bewussten Entscheidungen k\u00f6nnen Sie Karies, Erosionen und Entz\u00fcndungen effektiv vorbeugen \u2013 und Ihr L\u00e4cheln langfristig gesund halten. Ihr Zahnarzt Team von SmilePraxis ber\u00e4t [&hellip;]<\/p>\n<\/p>\n                        <\/div>\n                        <a href=\"https:\/\/smilepraxis.ch\/de\/ernaehrung-und-lifestyle-zahngesundheit\/\" class=\"btn-read-more\"><\/a>\n                    <\/div>\n                <\/div>\n            <\/div>\n                        <div class=\"col-md-4 col-12\">\n                <div class=\"news-container\">\n                    <div class=\"post-image\">\n                        <a href=\"https:\/\/smilepraxis.ch\/de\/zahnpflege-lebensphasen\/\"><img loading=\"lazy\" decoding=\"async\" width=\"800\" height=\"800\" src=\"https:\/\/smilepraxis.ch\/wp-content\/uploads\/2026\/03\/6D1A9920-800x800.jpg\" class=\"attachment-square size-square wp-post-image\" alt=\"\" srcset=\"https:\/\/smilepraxis.ch\/wp-content\/uploads\/2026\/03\/6D1A9920-800x800.jpg 800w, https:\/\/smilepraxis.ch\/wp-content\/uploads\/2026\/03\/6D1A9920-150x150.jpg 150w, https:\/\/smilepraxis.ch\/wp-content\/uploads\/2026\/03\/6D1A9920-1300x1300.jpg 1300w, https:\/\/smilepraxis.ch\/wp-content\/uploads\/2026\/03\/6D1A9920-600x600.jpg 600w\" sizes=\"auto, (max-width: 800px) 100vw, 800px\" \/><\/a>\n                    <\/div>\n                    <div class=\"post-content\">\n                        <p class=\"post-meta\">M\u00e4rz 13<\/p>\n                        <h3 class=\"title\"><a href=\"https:\/\/smilepraxis.ch\/de\/zahnpflege-lebensphasen\/\">Zahnpflege in jeder Lebensphase \u2013 Individuelle Bed\u00fcrfnisse, ein gesundes L\u00e4cheln<\/a><\/h3>\n                        <div class=\"excerpt\">\n                            <p><p>Kindheit. Schwangerschaft. Alter. Jede Lebensphase stellt unterschiedliche Anforderungen an die Mundgesundheit. In der SmilePraxis begleiten wir Sie und Ihre Familie mit gezielten Vorsorgemassnahmen, moderner Diagnostik und individuellen Pflegetipps \u2013 an unseren Standorten beim Zahnarzt in Chur und Zahnarzt in Malans. Warum variiert die Zahnpflege im Laufe des Lebens? Mundgesundheit ver\u00e4ndert sich mit dem K\u00f6rper: vom [&hellip;]<\/p>\n<\/p>\n                        <\/div>\n                        <a href=\"https:\/\/smilepraxis.ch\/de\/zahnpflege-lebensphasen\/\" class=\"btn-read-more\"><\/a>\n                    <\/div>\n                <\/div>\n            <\/div>\n                        <div class=\"col-md-4 col-12\">\n                <div class=\"news-container\">\n                    <div class=\"post-image\">\n                        <a href=\"https:\/\/smilepraxis.ch\/de\/mundgesundheit-allgemeingesundheit-wie-ihr-laecheln-ihren-koerper-schuetzt\/\"><img loading=\"lazy\" decoding=\"async\" width=\"800\" height=\"800\" src=\"https:\/\/smilepraxis.ch\/wp-content\/uploads\/2026\/03\/6D1A0082-800x800.jpg\" class=\"attachment-square size-square wp-post-image\" alt=\"\" srcset=\"https:\/\/smilepraxis.ch\/wp-content\/uploads\/2026\/03\/6D1A0082-800x800.jpg 800w, https:\/\/smilepraxis.ch\/wp-content\/uploads\/2026\/03\/6D1A0082-150x150.jpg 150w, https:\/\/smilepraxis.ch\/wp-content\/uploads\/2026\/03\/6D1A0082-1300x1300.jpg 1300w, https:\/\/smilepraxis.ch\/wp-content\/uploads\/2026\/03\/6D1A0082-600x600.jpg 600w\" sizes=\"auto, (max-width: 800px) 100vw, 800px\" \/><\/a>\n                    <\/div>\n                    <div class=\"post-content\">\n                        <p class=\"post-meta\">M\u00e4rz 12<\/p>\n                        <h3 class=\"title\"><a href=\"https:\/\/smilepraxis.ch\/de\/mundgesundheit-allgemeingesundheit-wie-ihr-laecheln-ihren-koerper-schuetzt\/\">Mundgesundheit &amp; Allgemeingesundheit \u2013 Wie Ihr L\u00e4cheln Ihren K\u00f6rper sch\u00fctzt<\/a><\/h3>\n                        <div class=\"excerpt\">\n                            <p><p>Gesund. Ganzheitlich. Lebenswichtig. In der SmilePraxis betrachten wir Ihre Gesundheit immer im Ganzen. Denn gesunde Z\u00e4hne und ein gesundes Zahnfleisch beeinflussen weit mehr als nur Ihr L\u00e4cheln. Zahlreiche wissenschaftliche Erkenntnisse zeigen: Eine gute Mundgesundheit wirkt sich positiv auf Herz, Stoffwechsel, Immunsystem und Ihr allgemeines Wohlbefinden aus. Wenn Sie sich pers\u00f6nlich beraten lassen m\u00f6chten, sind wir [&hellip;]<\/p>\n<\/p>\n                        <\/div>\n                        <a href=\"https:\/\/smilepraxis.ch\/de\/mundgesundheit-allgemeingesundheit-wie-ihr-laecheln-ihren-koerper-schuetzt\/\" class=\"btn-read-more\"><\/a>\n                    <\/div>\n                <\/div>\n            <\/div>\n                                <\/div>\n    <\/div>\n<\/section>\n\n\n<section class=\"block-two-col-box\">\n    <div class=\"container-fluid g-0\">\n        <div class=\"row row-eq-height g-0\">\n                        <div class=\"col-md-6 col-12\">\n                <a class=\"col-content\" href=\"\/de\/standorte\/zahnarzt-chur\/\">\n                    <p class=\"subtitle\">CHUR UND REGION<\/p>                    <h2>Zahnarzt Chur<\/h2>\n                    <img decoding=\"async\" src=\"https:\/\/smilepraxis.ch\/wp-content\/uploads\/2023\/11\/Rectangle-6.jpg\">\n                <\/a>\n            <\/div>\n                        <div class=\"col-md-6 col-12\">\n                <a class=\"col-content\" href=\"\/de\/standorte\/zahnarzt-malans\/\">\n                    <p class=\"subtitle\">MALANS \/ LANDQUART<\/p>                    <h2>Zahnarzt Malans<\/h2>\n                    <img decoding=\"async\" src=\"https:\/\/smilepraxis.ch\/wp-content\/uploads\/2023\/11\/Rectangle-7.jpg\">\n                <\/a>\n            <\/div>\n                    <\/div>\n    <\/div>\n<\/section>\n\n<section class=\"block-cta-block\">\n    <div class=\"container position-relative\">\n        <div class=\"row row-eq-height\">\n            <div class=\"col-md-8 col-12 my-auto\">\n                <h2>Reservieren Sie sich Ihren pers\u00f6nlichen Zahnarzttermin<\/h2>\n                                                <div class=\"mt-5\">                                    <a class=\"btn btn-yellow\" href=\"https:\/\/smilepraxis.ch\/de\/kontakt\/\">TERMIN VEREINBAREN<\/a>\n                                    <a class=\"btn btn-lightyellow\" href=\"https:\/\/smilepraxis.ch\/de\/onlinebuchung\/\">ZUR ONLINEBUCHUNG<\/a>\n                                <\/div>                            <\/div>\n            <div class=\"col-md-4 col-12\">\n                                <img decoding=\"async\" src=\"\" width=\"100%\">\n            <\/div>\n        <\/div>\n    <\/div>\n<\/section>\n\n\n<section class=\"block-three-col-text\">\n    <div class=\"container\">\n        <div class=\"row\">\n            <div class=\"col-12\">\n                <h2>Sichere und freundliche Zahnmedizin<\/h2>\n            <\/div>\n        <\/div>\n        <div class=\"row row-eq-height\">\n                        <div class=\"col-md-4 col-12\">\n                <div class=\"col-content\">\n                    <h3>Zahnarztpraxis 2.0<\/h3>\n                    <p>SmilePraxis bietet das gesamte Spektrum der Zahnmedizin an. Egal ob Sie einen Zahnunfall hatten, eine Zahnspange, Implantate, Zahnkontrolle und Dentalhygiene w\u00fcnschen, wir sind f\u00fcr Sie da. Unter der Woche haben wir f\u00fcr Sie durchgehend von 07:00 bis 20:00 ge\u00f6ffnet, samstags sind unsere Praxen in Chur und Malans von 9:00 bis 16:00 offen. Bei uns k\u00f6nnen Sie die modernste Zahnmedizin und modernsten Techniken erwarten. Willkommen in unseren sch\u00f6nen Praxen und lassen Sie sich von unserem Team umsorgen.<\/p>\n                    <a href=\"\/de\/behandlungen\/\" class=\"btn btn-blue\">MEHR LESEN<\/a>\n                <\/div>\n            <\/div>\n                        <div class=\"col-md-4 col-12\">\n                <div class=\"col-content\">\n                    <h3>Bis <span style=\"text-decoration: line-through\">bald<\/span> wieder<\/h3>\n                    <p>Obwohl wir Sie gerne treffen, ist es unser Ziel, dass es nicht allzu oft vorkommt. Unsere Arbeitsweise ist pr\u00e4ventiv und langfristig angelegt, um das Risiko von Komplikationen und ungewollten R\u00fcckbesuchen zu minimieren. Deshalb legen wir grossen Wert auf Qualit\u00e4t und versprechen, bei der zahnmedizinischen Kompetenz und Behandlung keine Kompromisse einzugehen. Um gr\u00f6ssere Probleme zu vermeiden empfehlen wir regelm\u00e4ssige (j\u00e4hrliche) Zahnkontrollen und prophylaktische Dentalhygiene<\/p>\n                    <a href=\"\/de\/behandlungen\/\" class=\"btn btn-blue\">MEHR LESEN<\/a>\n                <\/div>\n            <\/div>\n                        <div class=\"col-md-4 col-12\">\n                <div class=\"col-content\">\n                    <h3>Angst vor dem Zahnarzt?<\/h3>\n                    <p>Unwohlsein vor dem Zahnarzttermin kommt h\u00e4ufig vor und ist kein Grund, sich zu sch\u00e4men. Im Gegenteil, teilen Sie uns dies bitte bei der Buchung mit \u2013 und wir werden den Besuch entsprechend f\u00fcr Sie anpassen. Wenn n\u00f6tig, bieten wir auch Lachgas oder Vollnarkose an. Unsere Zahn\u00e4rzte haben alle Erfahrung im Umgang mit Patienten mit Zahnarztangst.<\/p>\n                    <a href=\"\/de\/behandlungen\/zahnarztangst\/\" class=\"btn btn-blue\">MEHR LESEN<\/a>\n                <\/div>\n            <\/div>\n                    <\/div>\n    <\/div>\n<\/section>\n","protected":false},"excerpt":{"rendered":"","protected":false},"author":3,"featured_media":0,"parent":235,"menu_order":0,"comment_status":"closed","ping_status":"closed","template":"","meta":{"_acf_changed":false,"footnotes":""},"class_list":["post-481","page","type-page","status-publish","hentry"],"acf":[],"yoast_head":"<!-- This site is optimized with the Yoast SEO plugin v26.1.1 - https:\/\/yoast.com\/wordpress\/plugins\/seo\/ -->\n<title>Aligner Unsichtbare- Zahnspange - SmilePraxis<\/title>\n<meta name=\"robots\" content=\"index, follow, max-snippet:-1, max-image-preview:large, max-video-preview:-1\" \/>\n<link rel=\"canonical\" href=\"https:\/\/smilepraxis.ch\/de\/behandlungen\/kieferorthopadie\/aligner-unsichtbare-zahnspange\/\" \/>\n<meta property=\"og:locale\" content=\"de_DE\" \/>\n<meta property=\"og:type\" content=\"article\" \/>\n<meta property=\"og:title\" content=\"Aligner Unsichtbare- Zahnspange - SmilePraxis\" \/>\n<meta property=\"og:url\" content=\"https:\/\/smilepraxis.ch\/de\/behandlungen\/kieferorthopadie\/aligner-unsichtbare-zahnspange\/\" \/>\n<meta property=\"og:site_name\" content=\"SmilePraxis\" \/>\n<meta property=\"article:publisher\" content=\"https:\/\/www.facebook.com\/smilepraxis\" \/>\n<meta property=\"article:modified_time\" content=\"2024-09-05T08:47:40+00:00\" \/>\n<meta name=\"twitter:card\" content=\"summary_large_image\" \/>\n<script type=\"application\/ld+json\" class=\"yoast-schema-graph\">{\"@context\":\"https:\/\/schema.org\",\"@graph\":[{\"@type\":\"WebPage\",\"@id\":\"https:\/\/smilepraxis.ch\/de\/behandlungen\/kieferorthopadie\/aligner-unsichtbare-zahnspange\/\",\"url\":\"https:\/\/smilepraxis.ch\/de\/behandlungen\/kieferorthopadie\/aligner-unsichtbare-zahnspange\/\",\"name\":\"Aligner Unsichtbare- Zahnspange - SmilePraxis\",\"isPartOf\":{\"@id\":\"https:\/\/smilepraxis.ch\/de\/#website\"},\"datePublished\":\"2023-12-12T08:44:58+00:00\",\"dateModified\":\"2024-09-05T08:47:40+00:00\",\"breadcrumb\":{\"@id\":\"https:\/\/smilepraxis.ch\/de\/behandlungen\/kieferorthopadie\/aligner-unsichtbare-zahnspange\/#breadcrumb\"},\"inLanguage\":\"de-CH\",\"potentialAction\":[{\"@type\":\"ReadAction\",\"target\":[\"https:\/\/smilepraxis.ch\/de\/behandlungen\/kieferorthopadie\/aligner-unsichtbare-zahnspange\/\"]}]},{\"@type\":\"BreadcrumbList\",\"@id\":\"https:\/\/smilepraxis.ch\/de\/behandlungen\/kieferorthopadie\/aligner-unsichtbare-zahnspange\/#breadcrumb\",\"itemListElement\":[{\"@type\":\"ListItem\",\"position\":1,\"name\":\"Home\",\"item\":\"https:\/\/smilepraxis.ch\/de\/\"},{\"@type\":\"ListItem\",\"position\":2,\"name\":\"Behandlungen\",\"item\":\"https:\/\/smilepraxis.ch\/de\/behandlungen\/\"},{\"@type\":\"ListItem\",\"position\":3,\"name\":\"Kieferorthop\u00e4die\",\"item\":\"https:\/\/smilepraxis.ch\/de\/behandlungen\/kieferorthopadie\/\"},{\"@type\":\"ListItem\",\"position\":4,\"name\":\"Aligner Unsichtbare- Zahnspange\"}]},{\"@type\":\"WebSite\",\"@id\":\"https:\/\/smilepraxis.ch\/de\/#website\",\"url\":\"https:\/\/smilepraxis.ch\/de\/\",\"name\":\"SmilePraxis\",\"description\":\"\",\"publisher\":{\"@id\":\"https:\/\/smilepraxis.ch\/de\/#organization\"},\"potentialAction\":[{\"@type\":\"SearchAction\",\"target\":{\"@type\":\"EntryPoint\",\"urlTemplate\":\"https:\/\/smilepraxis.ch\/de\/?s={search_term_string}\"},\"query-input\":{\"@type\":\"PropertyValueSpecification\",\"valueRequired\":true,\"valueName\":\"search_term_string\"}}],\"inLanguage\":\"de-CH\"},{\"@type\":\"Organization\",\"@id\":\"https:\/\/smilepraxis.ch\/de\/#organization\",\"name\":\"SmilePraxis\",\"url\":\"https:\/\/smilepraxis.ch\/de\/\",\"logo\":{\"@type\":\"ImageObject\",\"inLanguage\":\"de-CH\",\"@id\":\"https:\/\/smilepraxis.ch\/de\/#\/schema\/logo\/image\/\",\"url\":\"https:\/\/smilepraxis.wpenginepowered.com\/wp-content\/uploads\/2023\/12\/smilepraxis-logo.png\",\"contentUrl\":\"https:\/\/smilepraxis.wpenginepowered.com\/wp-content\/uploads\/2023\/12\/smilepraxis-logo.png\",\"width\":1544,\"height\":346,\"caption\":\"SmilePraxis\"},\"image\":{\"@id\":\"https:\/\/smilepraxis.ch\/de\/#\/schema\/logo\/image\/\"},\"sameAs\":[\"https:\/\/www.facebook.com\/smilepraxis\"]}]}<\/script>\n<!-- \/ Yoast SEO plugin. -->","yoast_head_json":{"title":"Aligner Unsichtbare- Zahnspange - SmilePraxis","robots":{"index":"index","follow":"follow","max-snippet":"max-snippet:-1","max-image-preview":"max-image-preview:large","max-video-preview":"max-video-preview:-1"},"canonical":"https:\/\/smilepraxis.ch\/de\/behandlungen\/kieferorthopadie\/aligner-unsichtbare-zahnspange\/","og_locale":"de_DE","og_type":"article","og_title":"Aligner Unsichtbare- Zahnspange - SmilePraxis","og_url":"https:\/\/smilepraxis.ch\/de\/behandlungen\/kieferorthopadie\/aligner-unsichtbare-zahnspange\/","og_site_name":"SmilePraxis","article_publisher":"https:\/\/www.facebook.com\/smilepraxis","article_modified_time":"2024-09-05T08:47:40+00:00","twitter_card":"summary_large_image","schema":{"@context":"https:\/\/schema.org","@graph":[{"@type":"WebPage","@id":"https:\/\/smilepraxis.ch\/de\/behandlungen\/kieferorthopadie\/aligner-unsichtbare-zahnspange\/","url":"https:\/\/smilepraxis.ch\/de\/behandlungen\/kieferorthopadie\/aligner-unsichtbare-zahnspange\/","name":"Aligner Unsichtbare- Zahnspange - SmilePraxis","isPartOf":{"@id":"https:\/\/smilepraxis.ch\/de\/#website"},"datePublished":"2023-12-12T08:44:58+00:00","dateModified":"2024-09-05T08:47:40+00:00","breadcrumb":{"@id":"https:\/\/smilepraxis.ch\/de\/behandlungen\/kieferorthopadie\/aligner-unsichtbare-zahnspange\/#breadcrumb"},"inLanguage":"de-CH","potentialAction":[{"@type":"ReadAction","target":["https:\/\/smilepraxis.ch\/de\/behandlungen\/kieferorthopadie\/aligner-unsichtbare-zahnspange\/"]}]},{"@type":"BreadcrumbList","@id":"https:\/\/smilepraxis.ch\/de\/behandlungen\/kieferorthopadie\/aligner-unsichtbare-zahnspange\/#breadcrumb","itemListElement":[{"@type":"ListItem","position":1,"name":"Home","item":"https:\/\/smilepraxis.ch\/de\/"},{"@type":"ListItem","position":2,"name":"Behandlungen","item":"https:\/\/smilepraxis.ch\/de\/behandlungen\/"},{"@type":"ListItem","position":3,"name":"Kieferorthop\u00e4die","item":"https:\/\/smilepraxis.ch\/de\/behandlungen\/kieferorthopadie\/"},{"@type":"ListItem","position":4,"name":"Aligner Unsichtbare- Zahnspange"}]},{"@type":"WebSite","@id":"https:\/\/smilepraxis.ch\/de\/#website","url":"https:\/\/smilepraxis.ch\/de\/","name":"SmilePraxis","description":"","publisher":{"@id":"https:\/\/smilepraxis.ch\/de\/#organization"},"potentialAction":[{"@type":"SearchAction","target":{"@type":"EntryPoint","urlTemplate":"https:\/\/smilepraxis.ch\/de\/?s={search_term_string}"},"query-input":{"@type":"PropertyValueSpecification","valueRequired":true,"valueName":"search_term_string"}}],"inLanguage":"de-CH"},{"@type":"Organization","@id":"https:\/\/smilepraxis.ch\/de\/#organization","name":"SmilePraxis","url":"https:\/\/smilepraxis.ch\/de\/","logo":{"@type":"ImageObject","inLanguage":"de-CH","@id":"https:\/\/smilepraxis.ch\/de\/#\/schema\/logo\/image\/","url":"https:\/\/smilepraxis.wpenginepowered.com\/wp-content\/uploads\/2023\/12\/smilepraxis-logo.png","contentUrl":"https:\/\/smilepraxis.wpenginepowered.com\/wp-content\/uploads\/2023\/12\/smilepraxis-logo.png","width":1544,"height":346,"caption":"SmilePraxis"},"image":{"@id":"https:\/\/smilepraxis.ch\/de\/#\/schema\/logo\/image\/"},"sameAs":["https:\/\/www.facebook.com\/smilepraxis"]}]}},"featured_image_src":null,"featured_image_src_square":null,"_links":{"self":[{"href":"https:\/\/smilepraxis.ch\/de\/wp-json\/wp\/v2\/pages\/481","targetHints":{"allow":["GET"]}}],"collection":[{"href":"https:\/\/smilepraxis.ch\/de\/wp-json\/wp\/v2\/pages"}],"about":[{"href":"https:\/\/smilepraxis.ch\/de\/wp-json\/wp\/v2\/types\/page"}],"author":[{"embeddable":true,"href":"https:\/\/smilepraxis.ch\/de\/wp-json\/wp\/v2\/users\/3"}],"replies":[{"embeddable":true,"href":"https:\/\/smilepraxis.ch\/de\/wp-json\/wp\/v2\/comments?post=481"}],"version-history":[{"count":0,"href":"https:\/\/smilepraxis.ch\/de\/wp-json\/wp\/v2\/pages\/481\/revisions"}],"up":[{"embeddable":true,"href":"https:\/\/smilepraxis.ch\/de\/wp-json\/wp\/v2\/pages\/235"}],"wp:attachment":[{"href":"https:\/\/smilepraxis.ch\/de\/wp-json\/wp\/v2\/media?parent=481"}],"curies":[{"name":"wp","href":"https:\/\/api.w.org\/{rel}","templated":true}]}}